{"id":8131,"date":"2021-09-03T13:51:48","date_gmt":"2021-09-03T13:51:48","guid":{"rendered":"https:\/\/www.bobex.lu\/fr-lu\/veranda\/"},"modified":"2021-10-07T14:07:11","modified_gmt":"2021-10-07T14:07:11","slug":"veranda","status":"publish","type":"business","link":"https:\/\/www.bobex.lu\/fr-lu\/veranda\/","title":{"rendered":"Veranda : cr\u00e9ez votre nouvel espace de vie \u00e0 part enti\u00e8re !"},"content":{"rendered":"Autrefois jardin d&rsquo;hiver, la v\u00e9randa est aujourd&rsquo;hui devenue une v\u00e9ritable pi\u00e8ce \u00e0 vivre qui s\u00e9duit de plus en plus de Belges. Cela ne rel\u00e8ve pas du hasard quand on voit les nombreux avantages. Qui peux r\u00e9sister \u00e0 un petit diner de famille dans son extension de maison? Ou profitez d&rsquo;un espace d\u00e9tente en lisant un bon livre face au jardin&#8230;\n<div class=\"panel panel-primary\">\n<div class=\"panel-body\">\n<div class=\"row\">\n<div class=\"col-md-1\">\n\n<em style=\"font-size: 24px;color: #7ebb30\" class=\"fa fa-check\"><\/em>\n\n<\/div>\n<div class=\"col-md-11\"><span style=\"color: #185da6;font-size: 16px\"><strong>Un puit de lumi\u00e8re naturelle<\/strong><\/span>\nUne <strong>luminosit\u00e9 naturelle<\/strong> qui n&rsquo;a pas sa pareille.<\/div>\n<\/div>\n<\/div>\n<\/div>\n<div class=\"panel panel-primary\">\n<div class=\"panel-body\">\n<div class=\"row\">\n<div class=\"col-md-1\">\n\n<em style=\"font-size: 24px;color: #7ebb30\" class=\"fa fa-check\"><\/em>\n\n<\/div>\n<div class=\"col-md-11\"><span style=\"color: #185da6;font-size: 16px\"><strong>Une extension de votre maison\n<\/strong><\/span>Un nouvel<strong> espace<\/strong> de vie construit en harmonie avec votre jardin et le reste de votre maison.<\/div>\n<\/div>\n<\/div>\n<\/div>\n<div class=\"panel panel-primary\">\n<div class=\"panel-body\">\n<div class=\"row\">\n<div class=\"col-md-1\">\n\n<em style=\"font-size: 24px;color: #7ebb30\" class=\"fa fa-check\"><\/em>\n\n<\/div>\n<div class=\"col-md-11\"><span style=\"color: #185da6\"><span style=\"font-size: 16px\"><strong>Une plus-value<\/strong><\/span><\/span>\n\nUne <strong>maison agrandie<\/strong> et une plus-value financi\u00e8re garantie \u00e0 la vente.\n\n<\/div>\n<\/div>\n<\/div>\n<\/div>\n<div class='bobex-cta-block' style='\n            --button-bg-color: #e13c0e;\n            --button-text-color: #ffffff;\n            --banner-bg-color: #aad4e6;\n            --arrow-main-bg-color: #aad4e6;\n            --arrow-secondary-bg-color: #e5f2f7;\n            --banner-title-color: #10375e;\n            --arrow-title-color: #10375e;\n            --banner-text-color: #545454;\n            --arrow-text-color: #545454;         \n            --invert-range: 0deg;\n        '><a class='cta-button-rounded' href='#ppp'>Comparer les prix en 2 minutes !<\/a><\/div>\n<div id=\"ez-toc-container\" class=\"ez-toc-v2_0_82_2 counter-hierarchy ez-toc-counter ez-toc-grey ez-toc-container-direction\">\n<p class=\"ez-toc-title\" style=\"cursor:inherit\">Sommaire<\/p>\n<label for=\"ez-toc-cssicon-toggle-item-69f46423bfff3\" class=\"ez-toc-cssicon-toggle-label\"><span class=\"\"><span class=\"eztoc-hide\" style=\"display:none;\">Toggle<\/span><span class=\"ez-toc-icon-toggle-span\"><svg style=\"fill: #999;color:#999\" xmlns=\"http:\/\/www.w3.org\/2000\/svg\" class=\"list-377408\" width=\"20px\" height=\"20px\" viewBox=\"0 0 24 24\" fill=\"none\"><path d=\"M6 6H4v2h2V6zm14 0H8v2h12V6zM4 11h2v2H4v-2zm16 0H8v2h12v-2zM4 16h2v2H4v-2zm16 0H8v2h12v-2z\" fill=\"currentColor\"><\/path><\/svg><svg style=\"fill: #999;color:#999\" class=\"arrow-unsorted-368013\" xmlns=\"http:\/\/www.w3.org\/2000\/svg\" width=\"10px\" height=\"10px\" viewBox=\"0 0 24 24\" version=\"1.2\" baseProfile=\"tiny\"><path d=\"M18.2 9.3l-6.2-6.3-6.2 6.3c-.2.2-.3.4-.3.7s.1.5.3.7c.2.2.4.3.7.3h11c.3 0 .5-.1.7-.3.2-.2.3-.5.3-.7s-.1-.5-.3-.7zM5.8 14.7l6.2 6.3 6.2-6.3c.2-.2.3-.5.3-.7s-.1-.5-.3-.7c-.2-.2-.4-.3-.7-.3h-11c-.3 0-.5.1-.7.3-.2.2-.3.5-.3.7s.1.5.3.7z\"\/><\/svg><\/span><\/span><\/label><input type=\"checkbox\"  id=\"ez-toc-cssicon-toggle-item-69f46423bfff3\" checked aria-label=\"Toggle\" \/><nav><ul class='ez-toc-list ez-toc-list-level-1 ' ><li class='ez-toc-page-1 ez-toc-heading-level-2'><a class=\"ez-toc-link ez-toc-heading-1\" href=\"https:\/\/www.bobex.lu\/fr-lu\/veranda\/#Les_avantages_dune_veranda\" >Les avantages d&rsquo;une v\u00e9randa<\/a><ul class='ez-toc-list-level-3' ><li class='ez-toc-heading-level-3'><a class=\"ez-toc-link ez-toc-heading-2\" href=\"https:\/\/www.bobex.lu\/fr-lu\/veranda\/#Un_nouvel_espace_de_vie\" >Un nouvel espace de vie<\/a><\/li><li class='ez-toc-page-1 ez-toc-heading-level-3'><a class=\"ez-toc-link ez-toc-heading-3\" href=\"https:\/\/www.bobex.lu\/fr-lu\/veranda\/#Un_puit_de_lumiere_naturelle\" >Un puit de lumi\u00e8re naturelle<\/a><\/li><li class='ez-toc-page-1 ez-toc-heading-level-3'><a class=\"ez-toc-link ez-toc-heading-4\" href=\"https:\/\/www.bobex.lu\/fr-lu\/veranda\/#Une_plus-value_pour_votre_maison\" >Une plus-value pour votre maison<\/a><\/li><\/ul><\/li><li class='ez-toc-page-1 ez-toc-heading-level-2'><a class=\"ez-toc-link ez-toc-heading-5\" href=\"https:\/\/www.bobex.lu\/fr-lu\/veranda\/#Quelle_veranda_choisir\" >Quelle v\u00e9randa choisir?<\/a><ul class='ez-toc-list-level-3' ><li class='ez-toc-heading-level-3'><a class=\"ez-toc-link ez-toc-heading-6\" href=\"https:\/\/www.bobex.lu\/fr-lu\/veranda\/#Veranda_en_aluminium\" >V\u00e9randa en aluminium<\/a><\/li><li class='ez-toc-page-1 ez-toc-heading-level-3'><a class=\"ez-toc-link ez-toc-heading-7\" href=\"https:\/\/www.bobex.lu\/fr-lu\/veranda\/#Veranda_en_bois\" >V\u00e9randa en bois<\/a><\/li><li class='ez-toc-page-1 ez-toc-heading-level-3'><a class=\"ez-toc-link ez-toc-heading-8\" href=\"https:\/\/www.bobex.lu\/fr-lu\/veranda\/#Veranda_en_acier_ou_en_fer_forge\" >V\u00e9randa en acier ou en fer forg\u00e9<\/a><\/li><li class='ez-toc-page-1 ez-toc-heading-level-3'><a class=\"ez-toc-link ez-toc-heading-9\" href=\"https:\/\/www.bobex.lu\/fr-lu\/veranda\/#Veranda_en_PVC\" >V\u00e9randa en PVC<\/a><\/li><li class='ez-toc-page-1 ez-toc-heading-level-3'><a class=\"ez-toc-link ez-toc-heading-10\" href=\"https:\/\/www.bobex.lu\/fr-lu\/veranda\/#Veranda_en_kit\" >V\u00e9randa en kit<\/a><\/li><\/ul><\/li><li class='ez-toc-page-1 ez-toc-heading-level-2'><a class=\"ez-toc-link ez-toc-heading-11\" href=\"https:\/\/www.bobex.lu\/fr-lu\/veranda\/#Combien_coute_une_veranda\" >Combien co\u00fbte une v\u00e9randa<\/a><\/li><\/ul><\/nav><\/div>\n<h2><span class=\"ez-toc-section\" id=\"Les_avantages_dune_veranda\"><\/span><strong>Les avantages d&rsquo;une v\u00e9randa\n\n<img decoding=\"async\" class=\"rounded mx-auto d-block\" alt=\"v\u00e9randa\" src=\"https:\/\/www.bobex.be\/shared\/veranda2.jpg\" width=\"50%\">\n\n<\/strong><strong><\/strong><strong><\/strong><span class=\"ez-toc-section-end\"><\/span><\/h2>\n<h3><span class=\"ez-toc-section\" id=\"Un_nouvel_espace_de_vie\"><\/span>Un nouvel espace de vie<span class=\"ez-toc-section-end\"><\/span><\/h3>\nFaisant la transition entre l&rsquo;ext\u00e9rieur et l&rsquo;int\u00e9rieur, une v\u00e9randa offre un nouvel espace de vie que vous agencez \u00e0 votre guise. Que ce soit pour y faire une cuisine, un salon ou une piscine, une v\u00e9randa est&nbsp;<strong>un lieu de vie agr\u00e9able et personnalis\u00e9.<\/strong>\n<h3><span class=\"ez-toc-section\" id=\"Un_puit_de_lumiere_naturelle\"><\/span>Un puit de lumi\u00e8re naturelle<span class=\"ez-toc-section-end\"><\/span><\/h3>\nAvoir une v\u00e9randa c&rsquo;est pouvoir \u00eatre \u00e0&nbsp;<strong>l&rsquo;int\u00e9rieur<\/strong>&nbsp;tout en b\u00e9n\u00e9ficiant de la lumi\u00e8re et de la chaleur de&nbsp;<strong>l&rsquo;ext\u00e9rieur.<\/strong>&nbsp;En effet, gr\u00e2ce \u00e0 ses grandes baies vitr\u00e9es, une v\u00e9randa b\u00e9n\u00e9ficie d&rsquo;une lumi\u00e8re naturelle et est chauff\u00e9e par les rayons du soleil. Et si vous pensez que v\u00e9randa rime uniquement avec soleil, dites-vous bien que, par temps de pluie, une v\u00e9randa peut aussi \u00eatre un petit cocon o\u00f9 vous pourrez \u00e9couter et observer la nature.\n<h3><span class=\"ez-toc-section\" id=\"Une_plus-value_pour_votre_maison\"><\/span>Une plus-value pour votre maison<span class=\"ez-toc-section-end\"><\/span><\/h3>\nUne v\u00e9randa, par son caract\u00e8re esth\u00e9tique&nbsp;<strong>embellit<\/strong>&nbsp;votre maison et lui donne un&nbsp;<strong>cachet unique.<\/strong>&nbsp;En effet, avec ses larges baies vitr\u00e9es et son ossature en bois, en m\u00e9tal ou encore en aluminium, la structure est particuli\u00e8rement plaisante et se fond parfaitement avec le restant de votre maison. Cette extension de votre maison&nbsp;<strong>augmente<\/strong>&nbsp;en outre&nbsp;<strong>la valeur de votre bien immobilier.<\/strong>\n\n<strong>\n<\/strong><strong><\/strong>\n<div class='bobex-cta-block' style='\n            --button-bg-color: #e13c0e;\n            --button-text-color: #ffffff;\n            --banner-bg-color: #aad4e6;\n            --arrow-main-bg-color: #aad4e6;\n            --arrow-secondary-bg-color: #e5f2f7;\n            --banner-title-color: #10375e;\n            --arrow-title-color: #10375e;\n            --banner-text-color: #545454;\n            --arrow-text-color: #545454;         \n            --invert-range: 0deg;\n        '><a class='cta-button-rounded' href='#ppp'>Demande de devis<\/a><\/div>\n<h2><span class=\"ez-toc-section\" id=\"Quelle_veranda_choisir\"><\/span><strong>Quelle v\u00e9randa choisir?\n\n<\/strong><strong><\/strong><strong><\/strong><span class=\"ez-toc-section-end\"><\/span><\/h2>\n<img decoding=\"async\" class=\"rounded mx-auto d-block\" alt=\"Quelle v\u00e9randa choisir?\" src=\"https:\/\/www.bobex.be\/shared\/acheter-veranda.png\" width=\"60%\">\n<h3><span class=\"ez-toc-section\" id=\"Veranda_en_aluminium\"><\/span>V\u00e9randa en aluminium<span class=\"ez-toc-section-end\"><\/span><\/h3>\nLa v\u00e9randa en aluminium est une v\u00e9randa&nbsp;<strong>simple<\/strong>, facile \u00e0 construire et&nbsp;<strong>moins co\u00fbteuse<\/strong>&nbsp;que d&rsquo;autres types de v\u00e9randa. Un des grands avantages qu&rsquo;offre l&rsquo;aluminium est sa<strong>&nbsp;long\u00e9vit\u00e9.<\/strong>&nbsp;En effet, comme ce mat\u00e9riau r\u00e9siste \u00e0 l&rsquo;eau, une v\u00e9randa en aluminium est prot\u00e9g\u00e9e de la rouille. De plus, si une des pi\u00e8ces de la v\u00e9randa devait \u00eatre ab\u00eem\u00e9e, il est tr\u00e8s ais\u00e9 de la remplacer car les v\u00e9randas en aluminium sont g\u00e9n\u00e9ralement con\u00e7ues par<strong>&nbsp;assemblage de pi\u00e8ces.<\/strong>&nbsp;Il n&rsquo;y a donc qu&rsquo;\u00e0 changer la pi\u00e8ce ab\u00eem\u00e9e et la v\u00e9randa est comme neuve ou presque !\n<h3><span class=\"ez-toc-section\" id=\"Veranda_en_bois\"><\/span>V\u00e9randa en bois<span class=\"ez-toc-section-end\"><\/span><\/h3>\n<a title=\"Comment isoler une v\u00e9randa?\" href=\"https:\/\/www.guide-veranda.be\/lisolation-un-element-essentiel-de-votre-veranda\/%20\">En termes&nbsp;<strong>d&rsquo;isolation<\/strong><\/a>&nbsp;thermique et sonore, le bois est le meilleur mat\u00e9riau pour v\u00e9randa. C&rsquo;est \u00e9galement un mat\u00e9riau&nbsp;<strong>robuste<\/strong>&nbsp;et solide : il peut m\u00eame supporter une extension de votre toiture. Le bois est fort appr\u00e9ci\u00e9 pour son&nbsp;<strong>c\u00f4t\u00e9 rustique<\/strong>&nbsp;qui donne \u00e0 la v\u00e9randa une touche champ\u00eatre. R\u00e9parer une pi\u00e8ce ab\u00eem\u00e9e demandera un peu plus de bricolage que dans le cas d&rsquo;une v\u00e9randa en aluminium, mais cela reste tout \u00e0 fait faisable.\n<h3><span class=\"ez-toc-section\" id=\"Veranda_en_acier_ou_en_fer_forge\"><\/span>V\u00e9randa en acier ou en fer forg\u00e9<span class=\"ez-toc-section-end\"><\/span><\/h3>\nLes v\u00e9randas en acier ou en fer forg\u00e9 sont incontestablement les plus&nbsp;<strong>r\u00e9sistantes.<\/strong>&nbsp;Ce type de v\u00e9randa est particuli\u00e8rement recommand\u00e9 si votre v\u00e9randa doit supporter une lourde charge. L&rsquo;acier et le fer sont \u00e9galement des mat\u00e9riaux qui permettent une grande&nbsp;<strong>stabilit\u00e9<\/strong>. Il faut cependant penser \u00e0 faire un entretien r\u00e9gulier : l&rsquo;acier et le fer \u00e9tant des mat\u00e9riaux oxydables, ils sont sensibles \u00e0 la rouille.\n<h3><span class=\"ez-toc-section\" id=\"Veranda_en_PVC\"><\/span>V\u00e9randa en PVC<span class=\"ez-toc-section-end\"><\/span><\/h3>\nLe PVC a l&rsquo;avantage d&rsquo;\u00eatre un mat\u00e9riau&nbsp;<strong>peu co\u00fbteux<\/strong>&nbsp;tout en constituant un<strong>&nbsp;tr\u00e8s bon isolant.<\/strong>&nbsp;Les v\u00e9randas en PVC ne peuvent pas \u00eatre peintes mais le PVC lui-m\u00eame peut \u00eatre de diff\u00e9rentes couleurs. Les v\u00e9randas de ce type sont&nbsp;<strong>tr\u00e8s faciles \u00e0 entretenir<\/strong>&nbsp;car il suffit d&rsquo;avoir \u00e0 port\u00e9e de main des produits d&rsquo;entretien classiques. Cependant, il faut garder \u00e0 l&rsquo;esprit que le PVC est un mat\u00e9riau qui vieillit moins bien que ceux des autres types de v\u00e9randa.\n<h3><span class=\"ez-toc-section\" id=\"Veranda_en_kit\"><\/span>V\u00e9randa en kit<span class=\"ez-toc-section-end\"><\/span><\/h3>\nUne v\u00e9randa en kit est une v\u00e9randa que l&rsquo;on&nbsp;<strong>monte soi-m\u00eame<\/strong>&nbsp;\u00e0 partir d&rsquo;un kit qui comprend toutes les pi\u00e8ces n\u00e9cessaires.&nbsp;<a title=\"Les avantages d'une v\u00e9randa en kit\" href=\"https:\/\/www.guide-veranda.be\/lisolation-un-element-essentiel-de-votre-veranda\/%20\">Une v\u00e9randa en kit permet&nbsp;<strong>d&rsquo;\u00e9conomiser<\/strong>&nbsp;jusqu&rsquo;\u00e0 50 %<\/a>&nbsp;par rapport aux autres types de v\u00e9randa. A noter qu&rsquo;il faut faire attention lors de l&rsquo;installation : si la v\u00e9randa est mal mont\u00e9e, des probl\u00e8mes peuvent survivre par la suite.\n<h2><span class=\"ez-toc-section\" id=\"Combien_coute_une_veranda\"><\/span>Combien co\u00fbte une v\u00e9randa<span class=\"ez-toc-section-end\"><\/span><\/h2>\n<table class=\"table table-striped\">\n<tbody>\n<tr>\n<th>Type de v\u00e9randa<\/th>\n<th>Prix minimum<\/th>\n<th>Prix maximum<\/th>\n<\/tr>\n<tr>\n<td>V\u00e9randa en acier ou fer forg\u00e9<\/td>\n<td>19.000 \u20ac<\/td>\n<td>60.000 \u20ac<\/td>\n<\/tr>\n<tr>\n<td>V\u00e9randa en bois<\/td>\n<td>15.000 \u20ac<\/td>\n<td>50.000 \u20ac<\/td>\n<\/tr>\n<tr>\n<td>V\u00e9randa en aluminium<\/td>\n<td>12.000 \u20ac<\/td>\n<td>50.000 \u20ac<\/td>\n<\/tr>\n<tr>\n<td>Veranda en PVC<\/td>\n<td>10.000 \u20ac<\/td>\n<td>30.000 \u20ac<\/td>\n<\/tr>\n<tr>\n<td>V\u00e9randa en kit<\/td>\n<td>5.000 \u20ac<\/td>\n<td>10.000 \u20ac<\/td>\n<\/tr>\n<\/tbody>\n<\/table>\n<div class='bobex-cta-block' style='\n            --button-bg-color: #e13c0e;\n            --button-text-color: #ffffff;\n            --banner-bg-color: #aad4e6;\n            --arrow-main-bg-color: #aad4e6;\n            --arrow-secondary-bg-color: #e5f2f7;\n            --banner-title-color: #10375e;\n            --arrow-title-color: #10375e;\n            --banner-text-color: #545454;\n            --arrow-text-color: #545454;         \n            --invert-range: 0deg;\n        '><a class='cta-button-rounded' href='#ppp'>Comparer les prix en 2 minutes !<\/a><\/div>","protected":false},"featured_media":0,"template":"","categories":[241],"class_list":["post-8131","business","type-business","status-publish","hentry","category-veranda-extension-archive"],"_links":{"self":[{"href":"https:\/\/www.bobex.lu\/fr-lu\/wp-json\/wp\/v2\/business\/8131","targetHints":{"allow":["GET"]}}],"collection":[{"href":"https:\/\/www.bobex.lu\/fr-lu\/wp-json\/wp\/v2\/business"}],"about":[{"href":"https:\/\/www.bobex.lu\/fr-lu\/wp-json\/wp\/v2\/types\/business"}],"version-history":[{"count":0,"href":"https:\/\/www.bobex.lu\/fr-lu\/wp-json\/wp\/v2\/business\/8131\/revisions"}],"wp:attachment":[{"href":"https:\/\/www.bobex.lu\/fr-lu\/wp-json\/wp\/v2\/media?parent=8131"}],"wp:term":[{"taxonomy":"category","embeddable":true,"href":"https:\/\/www.bobex.lu\/fr-lu\/wp-json\/wp\/v2\/categories?post=8131"}],"curies":[{"name":"wp","href":"https:\/\/api.w.org\/{rel}","templated":true}]}}