{"id":8734,"date":"2021-09-03T14:35:26","date_gmt":"2021-09-03T14:35:26","guid":{"rendered":"https:\/\/www.bobex.lu\/fr-lu\/veranda\/veranda-en-bois\/"},"modified":"2021-10-07T14:35:59","modified_gmt":"2021-10-07T14:35:59","slug":"veranda-en-bois","status":"publish","type":"content","link":"https:\/\/www.bobex.lu\/fr-lu\/veranda\/veranda-en-bois\/","title":{"rendered":"V\u00e9randa en bois : donner du cachet \u00e0 son chez-soi"},"content":{"rendered":"<p><span>Vous avez envie d\u2019installer une v\u00e9randa mais vous ne savez pas quel mat\u00e9riau choisir ? Et pourquoi ne pas opter pour le bois ? Mat\u00e9riau traditionnel pour la construction de v\u00e9randa, il offre du confort, de l\u2019esth\u00e9tisme et, en prime, il donne du cachet \u00e0 votre habitation. Ce sont l\u00e0 suffisamment de raisons pour s\u2019attarder sur les propri\u00e9t\u00e9s de ce noble mat\u00e9riau. Et sans langue de bois, bien entendu !<br \/>\n<\/span><\/p>\n<div id=\"ez-toc-container\" class=\"ez-toc-v2_0_82_2 counter-hierarchy ez-toc-counter ez-toc-grey ez-toc-container-direction\">\n<p class=\"ez-toc-title\" style=\"cursor:inherit\">Sommaire<\/p>\n<label for=\"ez-toc-cssicon-toggle-item-69f26cda290e2\" class=\"ez-toc-cssicon-toggle-label\"><span class=\"\"><span class=\"eztoc-hide\" style=\"display:none;\">Toggle<\/span><span class=\"ez-toc-icon-toggle-span\"><svg style=\"fill: #999;color:#999\" xmlns=\"http:\/\/www.w3.org\/2000\/svg\" class=\"list-377408\" width=\"20px\" height=\"20px\" viewBox=\"0 0 24 24\" fill=\"none\"><path d=\"M6 6H4v2h2V6zm14 0H8v2h12V6zM4 11h2v2H4v-2zm16 0H8v2h12v-2zM4 16h2v2H4v-2zm16 0H8v2h12v-2z\" fill=\"currentColor\"><\/path><\/svg><svg style=\"fill: #999;color:#999\" class=\"arrow-unsorted-368013\" xmlns=\"http:\/\/www.w3.org\/2000\/svg\" width=\"10px\" height=\"10px\" viewBox=\"0 0 24 24\" version=\"1.2\" baseProfile=\"tiny\"><path d=\"M18.2 9.3l-6.2-6.3-6.2 6.3c-.2.2-.3.4-.3.7s.1.5.3.7c.2.2.4.3.7.3h11c.3 0 .5-.1.7-.3.2-.2.3-.5.3-.7s-.1-.5-.3-.7zM5.8 14.7l6.2 6.3 6.2-6.3c.2-.2.3-.5.3-.7s-.1-.5-.3-.7c-.2-.2-.4-.3-.7-.3h-11c-.3 0-.5.1-.7.3-.2.2-.3.5-.3.7s.1.5.3.7z\"\/><\/svg><\/span><\/span><\/label><input type=\"checkbox\"  id=\"ez-toc-cssicon-toggle-item-69f26cda290e2\" checked aria-label=\"Toggle\" \/><nav><ul class='ez-toc-list ez-toc-list-level-1 ' ><li class='ez-toc-page-1 ez-toc-heading-level-2'><a class=\"ez-toc-link ez-toc-heading-1\" href=\"https:\/\/www.bobex.lu\/fr-lu\/veranda\/veranda-en-bois\/#Veranda_en_bois_les_avantages\" >V\u00e9randa en bois&nbsp;: les avantages<\/a><ul class='ez-toc-list-level-4' ><li class='ez-toc-heading-level-4'><ul class='ez-toc-list-level-4' ><li class='ez-toc-heading-level-4'><a class=\"ez-toc-link ez-toc-heading-2\" href=\"https:\/\/www.bobex.lu\/fr-lu\/veranda\/veranda-en-bois\/#Esthetique\" >Esth\u00e9tique<\/a><\/li><li class='ez-toc-page-1 ez-toc-heading-level-4'><a class=\"ez-toc-link ez-toc-heading-3\" href=\"https:\/\/www.bobex.lu\/fr-lu\/veranda\/veranda-en-bois\/#Resistant\" >R\u00e9sistant<\/a><\/li><li class='ez-toc-page-1 ez-toc-heading-level-4'><a class=\"ez-toc-link ez-toc-heading-4\" href=\"https:\/\/www.bobex.lu\/fr-lu\/veranda\/veranda-en-bois\/#Durable\" >Durable<\/a><\/li><li class='ez-toc-page-1 ez-toc-heading-level-4'><a class=\"ez-toc-link ez-toc-heading-5\" href=\"https:\/\/www.bobex.lu\/fr-lu\/veranda\/veranda-en-bois\/#Confortable\" >Confortable<\/a><\/li><li class='ez-toc-page-1 ez-toc-heading-level-4'><a class=\"ez-toc-link ez-toc-heading-6\" href=\"https:\/\/www.bobex.lu\/fr-lu\/veranda\/veranda-en-bois\/#Recyclable\" >Recyclable<\/a><\/li><li class='ez-toc-page-1 ez-toc-heading-level-4'><a class=\"ez-toc-link ez-toc-heading-7\" href=\"https:\/\/www.bobex.lu\/fr-lu\/veranda\/veranda-en-bois\/#Isolation_performante\" >Isolation performante<\/a><\/li><\/ul><\/li><\/ul><\/li><li class='ez-toc-page-1 ez-toc-heading-level-2'><a class=\"ez-toc-link ez-toc-heading-8\" href=\"https:\/\/www.bobex.lu\/fr-lu\/veranda\/veranda-en-bois\/#Veranda_en_bois_ce_quil_faut_garder_a_lesprit\" >V\u00e9randa en bois&nbsp;: ce qu&rsquo;il faut garder \u00e0 l&rsquo;esprit<\/a><ul class='ez-toc-list-level-3' ><li class='ez-toc-heading-level-3'><a class=\"ez-toc-link ez-toc-heading-9\" href=\"https:\/\/www.bobex.lu\/fr-lu\/veranda\/veranda-en-bois\/#Veranda_en_bois_les_prix\" >V\u00e9randa en bois&nbsp;: les prix<\/a><\/li><\/ul><\/li><\/ul><\/nav><\/div>\n<h2><span class=\"ez-toc-section\" id=\"Veranda_en_bois_les_avantages\"><\/span>V\u00e9randa en bois&nbsp;: les avantages<span class=\"ez-toc-section-end\"><\/span><\/h2>\n<p><img decoding=\"async\" alt=\"V\u00e9randa en bois: les avantages\" src=\"https:\/\/www.bobex.be\/shared\/veranda-bois-avantages.png\" width=\"350\" class=\"rounded mx-auto d-block\"><\/p>\n<div class=\"panel-group\" id=\"accordion\">\n<div class=\"panel panel-default\">\n<div class=\"panel-heading\">\n<h4 class=\"panel-title\"><span class=\"ez-toc-section\" id=\"Esthetique\"><\/span><a href=\"#collapseOne\" data-toggle=\"collapse\" data-parent=\"#accordion\"><strong> Esth\u00e9tique <\/strong><\/a><span class=\"ez-toc-section-end\"><\/span><\/h4>\n<\/div>\n<div class=\"panel-collapse collapse in\" id=\"collapseOne\">\n<div class=\"panel-body\">Le bois est un mat\u00e9riau noble et naturel qui s\u2019accorde avec<strong> tous les types d\u2019habitations<\/strong> et qui donne du cachet \u00e0 votre maison. Que vous recherchiez <span style=\"text-decoration: underline;color: #f2643b\"><a style=\"color: #f2643b;text-decoration: underline\" title=\"Quel style de v\u00e9randa d\u00e9sirez-vous?\" href=\"https:\/\/www.guide-renovation.be\/verandas-en-bois-4-styles-inspirations\">un style classique, moderne ou rustique<\/a><\/span>, une v\u00e9randa en bois r\u00e9pondra \u00e0 vos attentes et fera grande impression aupr\u00e8s de votre famille, vos voisins et vos amis !<\/div>\n<\/div>\n<\/div>\n<div class=\"panel panel-default\">\n<div class=\"panel-heading\">\n<h4 class=\"panel-title\"><span class=\"ez-toc-section\" id=\"Resistant\"><\/span><a href=\"#collapseTwo\" data-toggle=\"collapse\" data-parent=\"#accordion\"><strong> R\u00e9sistant <\/strong><\/a><span class=\"ez-toc-section-end\"><\/span><\/h4>\n<\/div>\n<div class=\"panel-collapse collapse\" id=\"collapseTwo\">\n<div class=\"panel-body\">Le bois est un mat\u00e9riau solide et robuste qui est particuli\u00e8rement recommand\u00e9 pour la construction de <strong>v\u00e9randas de grandes tailles<\/strong>. C\u2019est un \u00e9galement un mat\u00e9riau qui supporte tr\u00e8s bien une toiture ou une large baie vitr\u00e9e. En outre, le bois en un mat\u00e9riau qui n\u2019a aucun probl\u00e8me de corrosion, qui permet d\u2019\u00e9viter la condensation et qui n\u2019est pas sujet \u00e0 de potentielles d\u00e9formations provoqu\u00e9es par le vent.<\/div>\n<\/div>\n<\/div>\n<div class=\"panel panel-default\">\n<div class=\"panel-heading\">\n<h4 class=\"panel-title\"><span class=\"ez-toc-section\" id=\"Durable\"><\/span><a href=\"#collapseThree\" data-toggle=\"collapse\" data-parent=\"#accordion\"><strong> Durable <\/strong><\/a><span class=\"ez-toc-section-end\"><\/span><\/h4>\n<\/div>\n<div class=\"panel-collapse collapse\" id=\"collapseThree\">\n<div class=\"panel-body\">Comme le bois est un mat\u00e9riau solide et qui r\u00e9siste globalement bien aux conditions climatiques, une v\u00e9randa en bois est durable dans le temps.<\/div>\n<\/div>\n<\/div>\n<div class=\"panel panel-default\">\n<div class=\"panel-heading\">\n<h4 class=\"panel-title\"><span class=\"ez-toc-section\" id=\"Confortable\"><\/span><a href=\"#collapseFour\" data-toggle=\"collapse\" data-parent=\"#accordion\"><strong> Confortable <\/strong><\/a><span class=\"ez-toc-section-end\"><\/span><\/h4>\n<\/div>\n<div class=\"panel-collapse collapse\" id=\"collapseFour\">\n<div class=\"panel-body\">Le bois offre du confort et du charme. Vous vous sentirez imm\u00e9diatement bien dans votre v\u00e9randa en bois et vous d\u00e9velopperez des envies de <strong>cocooning<\/strong> dans ce cadre chaleureux.<\/div>\n<\/div>\n<\/div>\n<div class=\"panel panel-default\">\n<div class=\"panel-heading\">\n<h4 class=\"panel-title\"><span class=\"ez-toc-section\" id=\"Recyclable\"><\/span><a href=\"#collapseFive\" data-toggle=\"collapse\" data-parent=\"#accordion\"><strong> Recyclable <\/strong><\/a><span class=\"ez-toc-section-end\"><\/span><\/h4>\n<\/div>\n<div class=\"panel-collapse collapse\" id=\"collapseFive\">\n<div class=\"panel-body\">Le bois est un mat\u00e9riau recyclable et donc respectueux de l\u2019environnement.<\/div>\n<\/div>\n<\/div>\n<div class=\"panel panel-default\">\n<div class=\"panel-heading\">\n<h4 class=\"panel-title\"><span class=\"ez-toc-section\" id=\"Isolation_performante\"><\/span><a href=\"#collapseSix\" data-toggle=\"collapse\" data-parent=\"#accordion\"><strong>Isolation performante <\/strong><\/a><span class=\"ez-toc-section-end\"><\/span><\/h4>\n<\/div>\n<div class=\"panel-collapse collapse\" id=\"collapseSix\">\n<div class=\"panel-body\">Le bois est le mat\u00e9riau le plus performant au point de vue de&nbsp;<span style=\"text-decoration: underline\"><span style=\"color: #f2643b;text-decoration: underline\"><a style=\"color: #f2643b;text-decoration: underline\" title=\"Comment isoler votre v\u00e9randa?\" href=\"https:\/\/www.guide-veranda.be\/lisolation-un-element-essentiel-de-votre-veranda\/\"><strong>l\u2019isolation thermique et phonique<\/strong>.<\/a><\/span><\/span> Avec une v\u00e9randa en bois, vous n\u2019aurez pas besoin d\u2019investir dans des syst\u00e8mes on\u00e9reux de climatisation ou de chauffage pour pouvoir b\u00e9n\u00e9ficier toute l\u2019ann\u00e9e de l\u2019extension de votre maison.<\/div>\n<\/div>\n<\/div>\n<\/div>\n<h2><span class=\"ez-toc-section\" id=\"Veranda_en_bois_ce_quil_faut_garder_a_lesprit\"><\/span>V\u00e9randa en bois&nbsp;: ce qu&rsquo;il faut garder \u00e0 l&rsquo;esprit<span class=\"ez-toc-section-end\"><\/span><\/h2>\n<p><strong><br \/>\n<span style=\"color: #185da6\">Diff\u00e9rents types de bois<\/span><\/strong><\/p>\n<p style=\"text-align: justify\">Une fois que vous avez d\u00e9cid\u00e9 d\u2019agrandir votre maison et que vous avez port\u00e9 votre choix sur une v\u00e9randa en bois, il reste \u00e0 d\u00e9terminer quel type de bois vous souhaitez. V\u00e9randa en ch\u00eane, en h\u00eatre, en pin, en c\u00e8dre rouge ou encore en bois exotique, ce n\u2019est pas le choix qui manque ! Sachez que chaque essence a ses avantages et que le prix varie de l\u2019une \u00e0 l\u2019autre. Prenez donc ce crit\u00e8re en compte lors de la construction de l\u2019extension de votre maison.<\/p>\n<p><span style=\"color: #185da6\"><strong>Importance de l&rsquo;entretien<\/strong><\/span><\/p>\n<p style=\"text-align: justify\">Pour pouvoir r\u00e9sister aux changements climatiques et aux intemp\u00e9ries, le bois doit imp\u00e9rativement \u00eatre entretenu. Rassurez-vous cela n\u2019est pas bien compliqu\u00e9. Pour les parties expos\u00e9es au vent et \u00e0 la pluie, il faut appliquer <strong>tous les deux \u00e0 trois ans<\/strong> une lasure (un produit de protection pour les mat\u00e9riaux poreux comme le bois) et nettoyer les coulures de r\u00e9sine. Un<strong> traitement fongicide<\/strong> est \u00e9galement vivement recommand\u00e9 pour pr\u00e9server l\u2019annexe de votre maison.<\/p>\n<p>Si vous n\u2019\u00eates pas \u00e0 l\u2019aise avec les parties de l\u2019entretien qui n\u00e9cessite de prendre un peu de hauteur ou que vous n\u2019avez pas le mat\u00e9riel ad hoc vous pouvez toujours faire appel \u00e0 un professionnel. Enfin, de mani\u00e8re g\u00e9n\u00e9rale, il est pr\u00e9f\u00e9rable de nettoyer une v\u00e9randa en bois avec de l\u2019eau savonneuse plut\u00f4t qu\u2019avec des produits d\u2019entretien chimiques.<\/p>\n<p><span style=\"color: #185da6\"><strong>Combinable avec l&rsquo;aluminium<\/strong><\/span><\/p>\n<p style=\"text-align: justify\">Si vous avez des difficult\u00e9s \u00e0 choisir entre le bois et l\u2019aluminium, ne vous en faites pas, les deux sont combinables !<\/p>\n<p><span style=\"color: #185da6\"><strong>Des alternatives possibles<\/strong><\/span><\/p>\n<p style=\"text-align: justify\">Si vous voulez profiter d\u2019un prix plus accessible, vous pouvez opter pour du bois contrecoll\u00e9 ou lamell\u00e9-coll\u00e9 qui sont moins co\u00fbteux que le bois massif.<\/p>\n<h3><span class=\"ez-toc-section\" id=\"Veranda_en_bois_les_prix\"><\/span>V\u00e9randa en bois&nbsp;: les prix<span class=\"ez-toc-section-end\"><\/span><\/h3>\n<p>Une v\u00e9randa en bois est<strong> plus on\u00e9reuse que les v\u00e9randas en PVC ou en aluminium<\/strong> mais plus accessible que celles en acier ou fer forg\u00e9. Comme pour tous les autres types de v\u00e9randas, le prix est en grande partie estim\u00e9 selon le nombre de m\u00e8tres carr\u00e9s. Pour le bois, comptez<strong> entre 800 \u00e0 1.700 euros le m\u00e8tre carr\u00e9.<\/strong><\/p>\n<p>En moyenne, <span style=\"text-decoration: underline;color: #f2643b\"><a title=\"Prix d'une v\u00e9randa de 20m\u00b2\" href=\"https:\/\/www.guide-veranda.be\/prix-veranda\/prix-d-une-veranda-de-20m%c2%b2\/\">une v\u00e9randa en bois de 20 m\u00e8tres carr\u00e9s<\/a><\/span> vous co\u00fbtera <strong>entre 20.000 et 30.000 euros<\/strong>, mais faudra-t-il ajouter \u00e0 ce montant divers frais en fonction de vos envies et de vos besoins.<\/p>\n<p><img decoding=\"async\" alt=\"V\u00e9randa en bois: Prix et entretien\" src=\"https:\/\/www.bobex.be\/shared\/veranda-bois-prix-facteurs.png\" width=\"350\" class=\"rounded mx-auto d-block\"><br \/>\n\n                <div class='bobex-cta-block' style='\n            --button-bg-color: #e13c0e;\n            --button-text-color: #ffffff;\n            --banner-bg-color: #aad4e6;\n            --arrow-main-bg-color: #aad4e6;\n            --arrow-secondary-bg-color: #e5f2f7;\n            --banner-title-color: #10375e;\n            --arrow-title-color: #10375e;\n            --banner-text-color: #545454;\n            --arrow-text-color: #545454;         \n            --invert-range: 0deg;\n        '>\n                    <div class='cta-banner'>\n                        <div class='h3'>Vous souhaitez recevoir des conseils personnalis\u00e9s et des devis sur mesure ?<\/div>\n                        <div class='text-color'>Alors remplissez rapidement ce formulaire. C'est totalement gratuit et sans engagement !<\/div>\n                        <span>\n                            <img src='https:\/\/www.bobex.be\/wp-uploads\/sites\/2\/arrow-cta-box.png' alt='arrow' class='img-color'\/>\n                            <a class='cta-button-rounded' href=\"https:\/\/www.bobex.lu\/fr-lu\/veranda\/veranda-devis\/#ppp\">Demander un devis<\/a>\n                        <\/span>   \n                    <\/div>\n                <\/div><\/p>\n","protected":false},"featured_media":0,"parent":0,"template":"","meta":{"business":"8131","footnotes":""},"class_list":["post-8734","content","type-content","status-publish","hentry"],"_links":{"self":[{"href":"https:\/\/www.bobex.lu\/fr-lu\/wp-json\/wp\/v2\/content\/8734","targetHints":{"allow":["GET"]}}],"collection":[{"href":"https:\/\/www.bobex.lu\/fr-lu\/wp-json\/wp\/v2\/content"}],"about":[{"href":"https:\/\/www.bobex.lu\/fr-lu\/wp-json\/wp\/v2\/types\/content"}],"version-history":[{"count":2,"href":"https:\/\/www.bobex.lu\/fr-lu\/wp-json\/wp\/v2\/content\/8734\/revisions"}],"predecessor-version":[{"id":10142,"href":"https:\/\/www.bobex.lu\/fr-lu\/wp-json\/wp\/v2\/content\/8734\/revisions\/10142"}],"wp:attachment":[{"href":"https:\/\/www.bobex.lu\/fr-lu\/wp-json\/wp\/v2\/media?parent=8734"}],"curies":[{"name":"wp","href":"https:\/\/api.w.org\/{rel}","templated":true}]}}